{"id":3,"date":"2022-11-11T13:47:34","date_gmt":"2022-11-11T12:47:34","guid":{"rendered":"https:\/\/lipno.costaplana.cz\/?page_id=3"},"modified":"2025-04-25T12:28:10","modified_gmt":"2025-04-25T10:28:10","slug":"ochrana-osobnich-udaju","status":"publish","type":"page","link":"https:\/\/lipno.costaplana.cz\/de\/schutz-der-personenbezogenen-daten\/","title":{"rendered":"Datenschutzbestimmungen"},"content":{"rendered":"<div data-elementor-type=\"wp-page\" data-elementor-id=\"3\" class=\"elementor elementor-3\" data-elementor-post-type=\"page\">\n\t\t\t\t\t\t<section class=\"elementor-section elementor-top-section elementor-element elementor-element-5fa0036 elementor-section-boxed elementor-section-height-default elementor-section-height-default\" data-id=\"5fa0036\" data-element_type=\"section\" data-settings=\"{&quot;background_background&quot;:&quot;classic&quot;}\">\n\t\t\t\t\t\t\t<div class=\"elementor-background-overlay\"><\/div>\n\t\t\t\t\t\t\t<div class=\"elementor-container elementor-column-gap-default\">\n\t\t\t\t\t<div class=\"elementor-column elementor-col-100 elementor-top-column elementor-element elementor-element-a6eeb5f\" data-id=\"a6eeb5f\" data-element_type=\"column\">\n\t\t\t<div class=\"elementor-widget-wrap elementor-element-populated\">\n\t\t\t\t\t\t<div class=\"elementor-element elementor-element-6f16cb2 elementor-widget elementor-widget-heading\" data-id=\"6f16cb2\" data-element_type=\"widget\" data-widget_type=\"heading.default\">\n\t\t\t\t<div class=\"elementor-widget-container\">\n\t\t\t\t\t<h1 class=\"elementor-heading-title elementor-size-default\">Datenschutzbestimmungen<\/h1>\t\t\t\t<\/div>\n\t\t\t\t<\/div>\n\t\t\t\t\t<\/div>\n\t\t<\/div>\n\t\t\t\t\t<\/div>\n\t\t<\/section>\n\t\t\t\t<section class=\"elementor-section elementor-top-section elementor-element elementor-element-397c4021 elementor-section-boxed elementor-section-height-default elementor-section-height-default\" data-id=\"397c4021\" data-element_type=\"section\">\n\t\t\t\t\t\t<div class=\"elementor-container elementor-column-gap-default\">\n\t\t\t\t\t<div class=\"elementor-column elementor-col-100 elementor-top-column elementor-element elementor-element-486885a0\" data-id=\"486885a0\" data-element_type=\"column\">\n\t\t\t<div class=\"elementor-widget-wrap elementor-element-populated\">\n\t\t\t\t\t\t<div class=\"elementor-element elementor-element-299f11a elementor-widget elementor-widget-heading\" data-id=\"299f11a\" data-element_type=\"widget\" data-widget_type=\"heading.default\">\n\t\t\t\t<div class=\"elementor-widget-container\">\n\t\t\t\t\t<h2 class=\"elementor-heading-title elementor-size-default\">I. Grundlegende Bestimmungen<\/h2>\t\t\t\t<\/div>\n\t\t\t\t<\/div>\n\t\t\t\t<div class=\"elementor-element elementor-element-d35f3ae elementor-widget elementor-widget-text-editor\" data-id=\"d35f3ae\" data-element_type=\"widget\" data-widget_type=\"text-editor.default\">\n\t\t\t\t<div class=\"elementor-widget-container\">\n\t\t\t\t\t\t\t\t\t<p>Der f\u00fcr die Verarbeitung personenbezogener Daten Verantwortliche im Sinne von Artikel 4 Absatz 7 der Verordnung (EU) 2016\/679 des Europ\u00e4ischen Parlaments und des Rates zum Schutz nat\u00fcrlicher Personen bei der Verarbeitung personenbezogener Daten und zum freien Datenverkehr (im Folgenden \"DSGVO\") ist die VERTEX GROUP Services s.r.o. mit Sitz in K\u0159i\u017e\u00edkova 710\/30, Karl\u00edn, 186 00 Praha, ID:14099381, eingetragen beim Stadtgericht Prag unter dem Aktenzeichen <span style=\"font-family: arial, tahoma, sans-serif; font-size: 15px;\">C 359533\/MSPH<\/span>\u00a0(nachstehend \"Verwalter\" genannt). Die Kontaktdaten des Verwalters lauten:<\/p><p>Adresse: K\u0159i\u017e\u00edkova 710\/30, Karl\u00edn, 186 00 Prag<\/p><p>E-Mail: info@costaplana.cz<\/p><p>Personenbezogene Daten sind alle Informationen \u00fcber eine bestimmte oder bestimmbare nat\u00fcrliche Person; als bestimmbar wird eine nat\u00fcrliche Person angesehen, die direkt oder indirekt identifiziert werden kann, insbesondere durch Zuordnung zu einer Kennung wie einem Namen, zu einer Kennnummer, zu Standortdaten, zu einer Netzkennung oder zu einem oder mehreren besonderen Merkmalen der physischen, physiologischen, genetischen, psychischen, wirtschaftlichen, kulturellen oder sozialen Identit\u00e4t dieser nat\u00fcrlichen Person.<\/p>\t\t\t\t\t\t\t\t<\/div>\n\t\t\t\t<\/div>\n\t\t\t\t<div class=\"elementor-element elementor-element-50bd282 elementor-widget elementor-widget-heading\" data-id=\"50bd282\" data-element_type=\"widget\" data-widget_type=\"heading.default\">\n\t\t\t\t<div class=\"elementor-widget-container\">\n\t\t\t\t\t<h2 class=\"elementor-heading-title elementor-size-default\">II. Quellen und Kategorien der verarbeiteten personenbezogenen Daten<\/h2>\t\t\t\t<\/div>\n\t\t\t\t<\/div>\n\t\t\t\t<div class=\"elementor-element elementor-element-fa8f1ed elementor-widget elementor-widget-text-editor\" data-id=\"fa8f1ed\" data-element_type=\"widget\" data-widget_type=\"text-editor.default\">\n\t\t\t\t<div class=\"elementor-widget-container\">\n\t\t\t\t\t\t\t\t\t<p>(1) Der f\u00fcr die Verarbeitung Verantwortliche verarbeitet personenbezogene Daten, die Sie dem f\u00fcr die Verarbeitung Verantwortlichen zur Verf\u00fcgung gestellt haben, oder personenbezogene Daten, die der f\u00fcr die Verarbeitung Verantwortliche auf der Grundlage der Erf\u00fcllung Ihrer Bestellung erhalten hat:<\/p>\n<ul>\n<li>Vorname und Nachname<\/li>\n<li>E-Mail Adresse<\/li>\n<li>Postanschrift<\/li>\n<li>Telefon<\/li>\n<\/ul>\t\t\t\t\t\t\t\t<\/div>\n\t\t\t\t<\/div>\n\t\t\t\t<div class=\"elementor-element elementor-element-fc271a6 elementor-widget elementor-widget-text-editor\" data-id=\"fc271a6\" data-element_type=\"widget\" data-widget_type=\"text-editor.default\">\n\t\t\t\t<div class=\"elementor-widget-container\">\n\t\t\t\t\t\t\t\t\t<p>(2) Der f\u00fcr die Verarbeitung Verantwortliche verarbeitet Ihre Identifikations- und Kontaktdaten sowie die f\u00fcr die Erf\u00fcllung des Vertrags erforderlichen Daten.<\/p>\t\t\t\t\t\t\t\t<\/div>\n\t\t\t\t<\/div>\n\t\t\t\t<div class=\"elementor-element elementor-element-1dcd89c elementor-widget elementor-widget-heading\" data-id=\"1dcd89c\" data-element_type=\"widget\" data-widget_type=\"heading.default\">\n\t\t\t\t<div class=\"elementor-widget-container\">\n\t\t\t\t\t<h2 class=\"elementor-heading-title elementor-size-default\">III. Rechtsgrundlage und Zweck der Verarbeitung der personenbezogenen Daten<\/h2>\t\t\t\t<\/div>\n\t\t\t\t<\/div>\n\t\t\t\t<div class=\"elementor-element elementor-element-baab005 elementor-widget elementor-widget-text-editor\" data-id=\"baab005\" data-element_type=\"widget\" data-widget_type=\"text-editor.default\">\n\t\t\t\t<div class=\"elementor-widget-container\">\n\t\t\t\t\t\t\t\t\t<p>(1) Der rechtm\u00e4\u00dfige Grund f\u00fcr die Verarbeitung personenbezogener Daten ist<\/p>\n<ul>\n<li>Erf\u00fcllung des Vertrags zwischen Ihnen und dem f\u00fcr die Verarbeitung Verantwortlichen gem\u00e4\u00df Artikel 6 Absatz 1 Buchstabe b) DSGVO,<\/li>\n<li>Erf\u00fcllung der rechtlichen Verpflichtung des f\u00fcr die Verarbeitung Verantwortlichen gem\u00e4\u00df Artikel 6 Absatz 1 Buchstabe c) DSGVO,<\/li>\n<li>das berechtigte Interesse des f\u00fcr die Verarbeitung Verantwortlichen an der Bereitstellung von Direktmarketing (insbesondere f\u00fcr die Zusendung von kommerziellen Mitteilungen und Newslettern) gem\u00e4\u00df Artikel 6 Absatz 1 Buchstabe f) DSGVO,<\/li>\n<\/ul>\n<p>Ihre Zustimmung zur Verarbeitung zum Zwecke des Direktmarketings (insbesondere Versand von kommerziellen Mitteilungen und Newslettern) gem\u00e4\u00df Artikel 6 Absatz 1 Buchstabe a) DSGVO in Verbindung mit Abschnitt 7 Absatz 2 des Gesetzes Nr. 480\/2004 Slg. \u00fcber bestimmte Dienste der Informationsgesellschaft, falls keine Bestellung von Waren oder Dienstleistungen aufgegeben wurde.<\/p>\t\t\t\t\t\t\t\t<\/div>\n\t\t\t\t<\/div>\n\t\t\t\t<div class=\"elementor-element elementor-element-b772add elementor-widget elementor-widget-text-editor\" data-id=\"b772add\" data-element_type=\"widget\" data-widget_type=\"text-editor.default\">\n\t\t\t\t<div class=\"elementor-widget-container\">\n\t\t\t\t\t\t\t\t\t<p>(2) Der Zweck der Verarbeitung personenbezogener Daten ist<\/p>\n<ul>\n<li>die Bearbeitung Ihrer Bestellung und die Aus\u00fcbung der Rechte und Pflichten aus dem Vertragsverh\u00e4ltnis zwischen Ihnen und dem f\u00fcr die Verarbeitung Verantwortlichen; bei einer Bestellung werden personenbezogene Daten ben\u00f6tigt, die f\u00fcr die erfolgreiche Abwicklung der Bestellung erforderlich sind (Name und Anschrift, Kontakt), die Bereitstellung personenbezogener Daten ist eine notwendige Voraussetzung f\u00fcr den Abschluss und die Erf\u00fcllung des Vertrags, ohne die Bereitstellung personenbezogener Daten ist der Abschluss des Vertrags oder dessen Erf\u00fcllung durch den f\u00fcr die Verarbeitung Verantwortlichen nicht m\u00f6glich,<\/li>\n<li>die Erf\u00fcllung der gesetzlichen Verpflichtungen gegen\u00fcber dem Staat,<\/li>\n<li>Versendung kommerzieller Mitteilungen und andere Marketingaktivit\u00e4ten.<\/li>\n<\/ul>\t\t\t\t\t\t\t\t<\/div>\n\t\t\t\t<\/div>\n\t\t\t\t<div class=\"elementor-element elementor-element-af60547 elementor-widget elementor-widget-text-editor\" data-id=\"af60547\" data-element_type=\"widget\" data-widget_type=\"text-editor.default\">\n\t\t\t\t<div class=\"elementor-widget-container\">\n\t\t\t\t\t\t\t\t\t<p>3. Es gibt keine automatische individuelle Entscheidungsfindung durch den f\u00fcr die Verarbeitung Verantwortlichen im Sinne von Artikel 22 DSGVO. Sie haben Ihre ausdr\u00fcckliche Zustimmung zu einer solchen Verarbeitung gegeben.<\/p>\t\t\t\t\t\t\t\t<\/div>\n\t\t\t\t<\/div>\n\t\t\t\t<div class=\"elementor-element elementor-element-fac2ec3 elementor-widget elementor-widget-heading\" data-id=\"fac2ec3\" data-element_type=\"widget\" data-widget_type=\"heading.default\">\n\t\t\t\t<div class=\"elementor-widget-container\">\n\t\t\t\t\t<h2 class=\"elementor-heading-title elementor-size-default\">IV. Dauer der Datenspeicherung<\/h2>\t\t\t\t<\/div>\n\t\t\t\t<\/div>\n\t\t\t\t<div class=\"elementor-element elementor-element-3b56cd3 elementor-widget elementor-widget-text-editor\" data-id=\"3b56cd3\" data-element_type=\"widget\" data-widget_type=\"text-editor.default\">\n\t\t\t\t<div class=\"elementor-widget-container\">\n\t\t\t\t\t\t\t\t\t<p>(1) Der f\u00fcr die Verarbeitung Verantwortliche speichert personenbezogene Daten<\/p>\n<ul>\n<li>f\u00fcr den Zeitraum, der erforderlich ist, um die Rechte und Pflichten aus dem Vertragsverh\u00e4ltnis zwischen Ihnen und dem f\u00fcr die Verarbeitung Verantwortlichen auszu\u00fcben und um Anspr\u00fcche aus diesem Vertragsverh\u00e4ltnis geltend zu machen (f\u00fcr einen Zeitraum von 15 Jahren nach Beendigung des Vertragsverh\u00e4ltnisses).<\/li>\n<li>f\u00fcr einen Zeitraum, bevor die Zustimmung zur Verarbeitung personenbezogener Daten f\u00fcr Marketingzwecke widerrufen wird, jedoch nicht l\u00e4nger als 5 Jahre, wenn die personenbezogenen Daten auf der Grundlage einer Zustimmung verarbeitet werden.<\/li>\n<\/ul>\t\t\t\t\t\t\t\t<\/div>\n\t\t\t\t<\/div>\n\t\t\t\t<div class=\"elementor-element elementor-element-6f69db8 elementor-widget elementor-widget-text-editor\" data-id=\"6f69db8\" data-element_type=\"widget\" data-widget_type=\"text-editor.default\">\n\t\t\t\t<div class=\"elementor-widget-container\">\n\t\t\t\t\t\t\t\t\t<p>2. Nach Ablauf der Aufbewahrungsfrist hat der f\u00fcr die Verarbeitung Verantwortliche die personenbezogenen Daten zu l\u00f6schen.<\/p>\t\t\t\t\t\t\t\t<\/div>\n\t\t\t\t<\/div>\n\t\t\t\t<div class=\"elementor-element elementor-element-4f14dd5 elementor-widget elementor-widget-heading\" data-id=\"4f14dd5\" data-element_type=\"widget\" data-widget_type=\"heading.default\">\n\t\t\t\t<div class=\"elementor-widget-container\">\n\t\t\t\t\t<h2 class=\"elementor-heading-title elementor-size-default\">V. Empf\u00e4nger von personenbezogenen Daten (Unterauftragnehmer des f\u00fcr die Verarbeitung Verantwortlichen)<\/h2>\t\t\t\t<\/div>\n\t\t\t\t<\/div>\n\t\t\t\t<div class=\"elementor-element elementor-element-d3c7ab9 elementor-widget elementor-widget-text-editor\" data-id=\"d3c7ab9\" data-element_type=\"widget\" data-widget_type=\"text-editor.default\">\n\t\t\t\t<div class=\"elementor-widget-container\">\n\t\t\t\t\t\t\t\t\t<p>(1) Die Empf\u00e4nger der personenbezogenen Daten sind Personen<\/p>\n<ul>\n<li>die an der Lieferung von Waren\/Dienstleistungen\/Zahlungen im Rahmen des Vertrags beteiligt sind,<\/li>\n<li>Bereitstellung eines E-Shops (WordPress) und anderer Dienstleistungen im Zusammenhang mit dem Betrieb unseres Shops,<\/li>\n<li>Erbringung von Marketingdienstleistungen.<\/li>\n<\/ul>\t\t\t\t\t\t\t\t<\/div>\n\t\t\t\t<\/div>\n\t\t\t\t<div class=\"elementor-element elementor-element-b1ecd06 elementor-widget elementor-widget-text-editor\" data-id=\"b1ecd06\" data-element_type=\"widget\" data-widget_type=\"text-editor.default\">\n\t\t\t\t<div class=\"elementor-widget-container\">\n\t\t\t\t\t\t\t\t\t<p>(2) Der f\u00fcr die Verarbeitung Verantwortliche beabsichtigt nicht, personenbezogene Daten an ein Drittland (Nicht-EU-Land) oder eine internationale Organisation zu \u00fcbermitteln. Die Empf\u00e4nger der personenbezogenen Daten in Drittl\u00e4ndern sind Anbieter von Mailing-Diensten\/Cloud-Diensten.<\/p>\t\t\t\t\t\t\t\t<\/div>\n\t\t\t\t<\/div>\n\t\t\t\t<div class=\"elementor-element elementor-element-a693fcb elementor-widget elementor-widget-heading\" data-id=\"a693fcb\" data-element_type=\"widget\" data-widget_type=\"heading.default\">\n\t\t\t\t<div class=\"elementor-widget-container\">\n\t\t\t\t\t<h2 class=\"elementor-heading-title elementor-size-default\">VI. Verantwortliche f\u00fcr die Verarbeitung personenbezogener Daten<\/h2>\t\t\t\t<\/div>\n\t\t\t\t<\/div>\n\t\t\t\t<div class=\"elementor-element elementor-element-6b8cd15 elementor-widget elementor-widget-text-editor\" data-id=\"6b8cd15\" data-element_type=\"widget\" data-widget_type=\"text-editor.default\">\n\t\t\t\t<div class=\"elementor-widget-container\">\n\t\t\t\t\t\t\t\t\t<p>(1) Die Verarbeitung personenbezogener Daten erfolgt durch den f\u00fcr die Verarbeitung Verantwortlichen, aber auch die folgenden Auftragsverarbeiter k\u00f6nnen personenbezogene Daten f\u00fcr den f\u00fcr die Verarbeitung Verantwortlichen verarbeiten:<\/p><ul><li>Mailchimp,<\/li><li>m\u00f6glicherweise ein anderer Anbieter von Verarbeitungssoftwarediensten und -anwendungen, die derzeit nicht von dem f\u00fcr die Verarbeitung Verantwortlichen genutzt werden.<\/li><\/ul>\t\t\t\t\t\t\t\t<\/div>\n\t\t\t\t<\/div>\n\t\t\t\t<div class=\"elementor-element elementor-element-92c403c elementor-widget elementor-widget-heading\" data-id=\"92c403c\" data-element_type=\"widget\" data-widget_type=\"heading.default\">\n\t\t\t\t<div class=\"elementor-widget-container\">\n\t\t\t\t\t<h2 class=\"elementor-heading-title elementor-size-default\">VII. Deine Rechte<\/h2>\t\t\t\t<\/div>\n\t\t\t\t<\/div>\n\t\t\t\t<div class=\"elementor-element elementor-element-0fda9e3 elementor-widget elementor-widget-text-editor\" data-id=\"0fda9e3\" data-element_type=\"widget\" data-widget_type=\"text-editor.default\">\n\t\t\t\t<div class=\"elementor-widget-container\">\n\t\t\t\t\t\t\t\t\t<p>(1) Gem\u00e4\u00df den Bestimmungen der Datenschutz-Grundverordnung haben Sie<\/p>\n<ul>\n<li>das Recht auf Zugang zu Ihren personenbezogenen Daten gem\u00e4\u00df Artikel 15 der Datenschutzgrundverordnung,<\/li>\n<li>das Recht auf Berichtigung personenbezogener Daten gem\u00e4\u00df Artikel 16 der Datenschutz-Grundverordnung oder auf Einschr\u00e4nkung der Verarbeitung gem\u00e4\u00df Artikel 18 der Datenschutz-Grundverordnung,<\/li>\n<li>das Recht auf L\u00f6schung personenbezogener Daten gem\u00e4\u00df Artikel 17 der Datenschutzgrundverordnung,<\/li>\n<li>das Recht auf Widerspruch gegen die Verarbeitung gem\u00e4\u00df Artikel 21 DSGVO,<\/li>\n<li>das Recht auf Daten\u00fcbertragbarkeit gem\u00e4\u00df Artikel 20 DSGVO; und<\/li>\n<li>das Recht, die Zustimmung zur Verarbeitung schriftlich oder auf elektronischem Wege an die in Artikel III dieser Bedingungen genannte Anschrift oder E-Mail-Adresse des f\u00fcr die Verarbeitung Verantwortlichen zu widerrufen.<\/li>\n<\/ul>\t\t\t\t\t\t\t\t<\/div>\n\t\t\t\t<\/div>\n\t\t\t\t<div class=\"elementor-element elementor-element-df637a0 elementor-widget elementor-widget-text-editor\" data-id=\"df637a0\" data-element_type=\"widget\" data-widget_type=\"text-editor.default\">\n\t\t\t\t<div class=\"elementor-widget-container\">\n\t\t\t\t\t\t\t\t\t<p>2. Sie haben auch das Recht, sich beim Amt f\u00fcr den Schutz personenbezogener Daten zu beschweren, wenn Sie glauben, dass Ihr Recht auf Schutz personenbezogener Daten verletzt wurde, oder rechtliche Schritte einzuleiten.<\/p>\t\t\t\t\t\t\t\t<\/div>\n\t\t\t\t<\/div>\n\t\t\t\t<div class=\"elementor-element elementor-element-cbf8d41 elementor-widget elementor-widget-heading\" data-id=\"cbf8d41\" data-element_type=\"widget\" data-widget_type=\"heading.default\">\n\t\t\t\t<div class=\"elementor-widget-container\">\n\t\t\t\t\t<h2 class=\"elementor-heading-title elementor-size-default\">VIII. Bedingungen f\u00fcr die Sicherheit personenbezogener Daten<\/h2>\t\t\t\t<\/div>\n\t\t\t\t<\/div>\n\t\t\t\t<div class=\"elementor-element elementor-element-89ea901 elementor-widget elementor-widget-text-editor\" data-id=\"89ea901\" data-element_type=\"widget\" data-widget_type=\"text-editor.default\">\n\t\t\t\t<div class=\"elementor-widget-container\">\n\t\t\t\t\t\t\t\t\t(1) Der f\u00fcr die Verarbeitung Verantwortliche erkl\u00e4rt, dass er alle geeigneten technischen und organisatorischen Ma\u00dfnahmen zum Schutz personenbezogener Daten getroffen hat.\t\t\t\t\t\t\t\t<\/div>\n\t\t\t\t<\/div>\n\t\t\t\t<div class=\"elementor-element elementor-element-56846e2 elementor-widget elementor-widget-text-editor\" data-id=\"56846e2\" data-element_type=\"widget\" data-widget_type=\"text-editor.default\">\n\t\t\t\t<div class=\"elementor-widget-container\">\n\t\t\t\t\t\t\t\t\t(2) Der f\u00fcr die Verarbeitung Verantwortliche hat technische Ma\u00dfnahmen zur Sicherung der Datenspeicherung und der Speicherung personenbezogener Daten in Papierform getroffen.\t\t\t\t\t\t\t\t<\/div>\n\t\t\t\t<\/div>\n\t\t\t\t<div class=\"elementor-element elementor-element-e060a8c elementor-widget elementor-widget-text-editor\" data-id=\"e060a8c\" data-element_type=\"widget\" data-widget_type=\"text-editor.default\">\n\t\t\t\t<div class=\"elementor-widget-container\">\n\t\t\t\t\t\t\t\t\t<p>(3) Der f\u00fcr die Verarbeitung Verantwortliche erkl\u00e4rt, dass nur von ihm bevollm\u00e4chtigte Personen Zugang zu den personenbezogenen Daten haben.<\/p>\t\t\t\t\t\t\t\t<\/div>\n\t\t\t\t<\/div>\n\t\t\t\t<div class=\"elementor-element elementor-element-f197653 elementor-widget elementor-widget-heading\" data-id=\"f197653\" data-element_type=\"widget\" data-widget_type=\"heading.default\">\n\t\t\t\t<div class=\"elementor-widget-container\">\n\t\t\t\t\t<h2 class=\"elementor-heading-title elementor-size-default\">IX. Schlussbestimmungen<\/h2>\t\t\t\t<\/div>\n\t\t\t\t<\/div>\n\t\t\t\t<div class=\"elementor-element elementor-element-30d97cd elementor-widget elementor-widget-text-editor\" data-id=\"30d97cd\" data-element_type=\"widget\" data-widget_type=\"text-editor.default\">\n\t\t\t\t<div class=\"elementor-widget-container\">\n\t\t\t\t\t\t\t\t\t1 Mit dem Absenden einer Bestellung \u00fcber das Online-Bestellformular best\u00e4tigen Sie, dass Sie die Datenschutzbestimmungen zur Kenntnis genommen haben und diese in vollem Umfang akzeptieren.\t\t\t\t\t\t\t\t<\/div>\n\t\t\t\t<\/div>\n\t\t\t\t<div class=\"elementor-element elementor-element-87d71b4 elementor-widget elementor-widget-text-editor\" data-id=\"87d71b4\" data-element_type=\"widget\" data-widget_type=\"text-editor.default\">\n\t\t\t\t<div class=\"elementor-widget-container\">\n\t\t\t\t\t\t\t\t\t<p>(2) Sie erkl\u00e4ren sich mit diesen Bedingungen einverstanden, indem Sie \u00fcber das Online-Formular das Zustimmungsfeld ankreuzen. Mit dem Ankreuzen des Zustimmungsformulars best\u00e4tigen Sie, dass Sie die Datenschutzbestimmungen zur Kenntnis genommen haben und sie in vollem Umfang akzeptieren.<\/p>\t\t\t\t\t\t\t\t<\/div>\n\t\t\t\t<\/div>\n\t\t\t\t<div class=\"elementor-element elementor-element-ff74038 elementor-widget elementor-widget-text-editor\" data-id=\"ff74038\" data-element_type=\"widget\" data-widget_type=\"text-editor.default\">\n\t\t\t\t<div class=\"elementor-widget-container\">\n\t\t\t\t\t\t\t\t\t(3) Der Verwalter ist berechtigt, diese Bedingungen zu \u00e4ndern. Er wird die neue Version der Datenschutzbestimmungen auf seiner Website ver\u00f6ffentlichen und die neue Version der Datenschutzbestimmungen auch an die E-Mail-Adresse senden, die Sie dem f\u00fcr die Verarbeitung Verantwortlichen mitgeteilt haben.\t\t\t\t\t\t\t\t<\/div>\n\t\t\t\t<\/div>\n\t\t\t\t<div class=\"elementor-element elementor-element-34b6f3b elementor-widget elementor-widget-text-editor\" data-id=\"34b6f3b\" data-element_type=\"widget\" data-widget_type=\"text-editor.default\">\n\t\t\t\t<div class=\"elementor-widget-container\">\n\t\t\t\t\t\t\t\t\t<p>G\u00fcltig ab 1. September 2022<\/p>\t\t\t\t\t\t\t\t<\/div>\n\t\t\t\t<\/div>\n\t\t\t\t\t<\/div>\n\t\t<\/div>\n\t\t\t\t\t<\/div>\n\t\t<\/section>\n\t\t\t\t<\/div>","protected":false},"excerpt":{"rendered":"<p>Politik zum Schutz personenbezogener Daten I. Grundlegende Bestimmungen Der f\u00fcr die Verarbeitung personenbezogener Daten Verantwortliche gem\u00e4\u00df Artikel 4 Absatz 7 der Verordnung (EU) 2016\/679 des Europ\u00e4ischen Parlaments und des Rates zum Schutz nat\u00fcrlicher Personen bei der Verarbeitung personenbezogener Daten und zum freien Datenverkehr (im Folgenden \"DSGVO\") ist die VERTEX GROUP Services s.r.o. mit Sitz in K\u0159i\u017e\u00edkova 710\/30, Karl\u00edn, 186 00 Praha, ID:14099381 [...]<\/p>","protected":false},"author":1,"featured_media":0,"parent":0,"menu_order":0,"comment_status":"closed","ping_status":"open","template":"","meta":{"footnotes":""},"class_list":["post-3","page","type-page","status-publish","hentry"],"yoast_head":"<!-- This site is optimized with the Yoast SEO plugin v25.0 - https:\/\/yoast.com\/wordpress\/plugins\/seo\/ -->\n<title>Z\u00e1sady ochrany osobn\u00edch \u00fadaj\u016f - Apartm\u00e1ny Costa Plana<\/title>\n<meta name=\"robots\" content=\"noindex, follow, max-snippet:-1, max-image-preview:large, max-video-preview:-1\" \/>\n<meta property=\"og:locale\" content=\"de_DE\" \/>\n<meta property=\"og:type\" content=\"article\" \/>\n<meta property=\"og:title\" content=\"Z\u00e1sady ochrany osobn\u00edch \u00fadaj\u016f - Apartm\u00e1ny Costa Plana\" \/>\n<meta property=\"og:description\" content=\"Z\u00e1sady ochrany osobn\u00edch \u00fadaj\u016f I. Z\u00e1kladn\u00ed ustanoven\u00ed Spr\u00e1vcem osobn\u00edch \u00fadaj\u016f podle \u010dl. 4 bod 7 na\u0159\u00edzen\u00ed Evropsk\u00e9ho parlamentu a Rady (EU) 2016\/679 o ochran\u011b fyzick\u00fdch osob v souvislosti se zpracov\u00e1n\u00edm osobn\u00edch \u00fadaj\u016f a o voln\u00e9m pohybu t\u011bchto \u00fadaj\u016f (d\u00e1le jen: \u201eGDPR\u201d) je VERTEX GROUP Services s.r.o., se s\u00eddlem K\u0159i\u017e\u00edkova 710\/30, Karl\u00edn, 186 00 Praha I\u010c:14099381 [&hellip;]\" \/>\n<meta property=\"og:url\" content=\"https:\/\/lipno.costaplana.cz\/de\/schutz-der-personenbezogenen-daten\/\" \/>\n<meta property=\"og:site_name\" content=\"Apartm\u00e1ny Costa Plana\" \/>\n<meta property=\"article:modified_time\" content=\"2025-04-25T10:28:10+00:00\" \/>\n<meta name=\"twitter:card\" content=\"summary_large_image\" \/>\n<meta name=\"twitter:label1\" content=\"Gesch\u00e4tzte Lesezeit\" \/>\n\t<meta name=\"twitter:data1\" content=\"5\u00a0Minuten\" \/>\n<script type=\"application\/ld+json\" class=\"yoast-schema-graph\">{\"@context\":\"https:\/\/schema.org\",\"@graph\":[{\"@type\":\"WebPage\",\"@id\":\"https:\/\/lipno.costaplana.cz\/ochrana-osobnich-udaju\/\",\"url\":\"https:\/\/lipno.costaplana.cz\/ochrana-osobnich-udaju\/\",\"name\":\"Z\u00e1sady ochrany osobn\u00edch \u00fadaj\u016f - Apartm\u00e1ny Costa Plana\",\"isPartOf\":{\"@id\":\"https:\/\/lipno.costaplana.cz\/#website\"},\"datePublished\":\"2022-11-11T12:47:34+00:00\",\"dateModified\":\"2025-04-25T10:28:10+00:00\",\"breadcrumb\":{\"@id\":\"https:\/\/lipno.costaplana.cz\/ochrana-osobnich-udaju\/#breadcrumb\"},\"inLanguage\":\"de\",\"potentialAction\":[{\"@type\":\"ReadAction\",\"target\":[\"https:\/\/lipno.costaplana.cz\/ochrana-osobnich-udaju\/\"]}]},{\"@type\":\"BreadcrumbList\",\"@id\":\"https:\/\/lipno.costaplana.cz\/ochrana-osobnich-udaju\/#breadcrumb\",\"itemListElement\":[{\"@type\":\"ListItem\",\"position\":1,\"name\":\"Dom\u016f\",\"item\":\"https:\/\/lipno.costaplana.cz\/\"},{\"@type\":\"ListItem\",\"position\":2,\"name\":\"Z\u00e1sady ochrany osobn\u00edch \u00fadaj\u016f\"}]},{\"@type\":\"WebSite\",\"@id\":\"https:\/\/lipno.costaplana.cz\/#website\",\"url\":\"https:\/\/lipno.costaplana.cz\/\",\"name\":\"Apartm\u00e1ny Costa Plana\",\"description\":\"Nov\u00e9 apartm\u00e1ny na b\u0159ehu Lipensk\u00e9 p\u0159ehrady\",\"publisher\":{\"@id\":\"https:\/\/lipno.costaplana.cz\/#organization\"},\"potentialAction\":[{\"@type\":\"SearchAction\",\"target\":{\"@type\":\"EntryPoint\",\"urlTemplate\":\"https:\/\/lipno.costaplana.cz\/?s={search_term_string}\"},\"query-input\":{\"@type\":\"PropertyValueSpecification\",\"valueRequired\":true,\"valueName\":\"search_term_string\"}}],\"inLanguage\":\"de\"},{\"@type\":\"Organization\",\"@id\":\"https:\/\/lipno.costaplana.cz\/#organization\",\"name\":\"Apartm\u00e1ny Costa Plana\",\"url\":\"https:\/\/lipno.costaplana.cz\/\",\"logo\":{\"@type\":\"ImageObject\",\"inLanguage\":\"de\",\"@id\":\"https:\/\/lipno.costaplana.cz\/#\/schema\/logo\/image\/\",\"url\":\"\",\"contentUrl\":\"\",\"caption\":\"Apartm\u00e1ny Costa Plana\"},\"image\":{\"@id\":\"https:\/\/lipno.costaplana.cz\/#\/schema\/logo\/image\/\"}}]}<\/script>\n<!-- \/ Yoast SEO plugin. -->","yoast_head_json":{"title":"Z\u00e1sady ochrany osobn\u00edch \u00fadaj\u016f - Apartm\u00e1ny Costa Plana","robots":{"index":"noindex","follow":"follow","max-snippet":"max-snippet:-1","max-image-preview":"max-image-preview:large","max-video-preview":"max-video-preview:-1"},"og_locale":"de_DE","og_type":"article","og_title":"Z\u00e1sady ochrany osobn\u00edch \u00fadaj\u016f - Apartm\u00e1ny Costa Plana","og_description":"Z\u00e1sady ochrany osobn\u00edch \u00fadaj\u016f I. Z\u00e1kladn\u00ed ustanoven\u00ed Spr\u00e1vcem osobn\u00edch \u00fadaj\u016f podle \u010dl. 4 bod 7 na\u0159\u00edzen\u00ed Evropsk\u00e9ho parlamentu a Rady (EU) 2016\/679 o ochran\u011b fyzick\u00fdch osob v souvislosti se zpracov\u00e1n\u00edm osobn\u00edch \u00fadaj\u016f a o voln\u00e9m pohybu t\u011bchto \u00fadaj\u016f (d\u00e1le jen: \u201eGDPR\u201d) je VERTEX GROUP Services s.r.o., se s\u00eddlem K\u0159i\u017e\u00edkova 710\/30, Karl\u00edn, 186 00 Praha I\u010c:14099381 [&hellip;]","og_url":"https:\/\/lipno.costaplana.cz\/de\/schutz-der-personenbezogenen-daten\/","og_site_name":"Apartm\u00e1ny Costa Plana","article_modified_time":"2025-04-25T10:28:10+00:00","twitter_card":"summary_large_image","twitter_misc":{"Gesch\u00e4tzte Lesezeit":"5\u00a0Minuten"},"schema":{"@context":"https:\/\/schema.org","@graph":[{"@type":"WebPage","@id":"https:\/\/lipno.costaplana.cz\/ochrana-osobnich-udaju\/","url":"https:\/\/lipno.costaplana.cz\/ochrana-osobnich-udaju\/","name":"Z\u00e1sady ochrany osobn\u00edch \u00fadaj\u016f - Apartm\u00e1ny Costa Plana","isPartOf":{"@id":"https:\/\/lipno.costaplana.cz\/#website"},"datePublished":"2022-11-11T12:47:34+00:00","dateModified":"2025-04-25T10:28:10+00:00","breadcrumb":{"@id":"https:\/\/lipno.costaplana.cz\/ochrana-osobnich-udaju\/#breadcrumb"},"inLanguage":"de","potentialAction":[{"@type":"ReadAction","target":["https:\/\/lipno.costaplana.cz\/ochrana-osobnich-udaju\/"]}]},{"@type":"BreadcrumbList","@id":"https:\/\/lipno.costaplana.cz\/ochrana-osobnich-udaju\/#breadcrumb","itemListElement":[{"@type":"ListItem","position":1,"name":"Dom\u016f","item":"https:\/\/lipno.costaplana.cz\/"},{"@type":"ListItem","position":2,"name":"Z\u00e1sady ochrany osobn\u00edch \u00fadaj\u016f"}]},{"@type":"WebSite","@id":"https:\/\/lipno.costaplana.cz\/#website","url":"https:\/\/lipno.costaplana.cz\/","name":"Apartm\u00e1ny Costa Plana","description":"Nov\u00e9 apartm\u00e1ny na b\u0159ehu Lipensk\u00e9 p\u0159ehrady","publisher":{"@id":"https:\/\/lipno.costaplana.cz\/#organization"},"potentialAction":[{"@type":"SearchAction","target":{"@type":"EntryPoint","urlTemplate":"https:\/\/lipno.costaplana.cz\/?s={search_term_string}"},"query-input":{"@type":"PropertyValueSpecification","valueRequired":true,"valueName":"search_term_string"}}],"inLanguage":"de"},{"@type":"Organization","@id":"https:\/\/lipno.costaplana.cz\/#organization","name":"Apartm\u00e1ny Costa Plana","url":"https:\/\/lipno.costaplana.cz\/","logo":{"@type":"ImageObject","inLanguage":"de","@id":"https:\/\/lipno.costaplana.cz\/#\/schema\/logo\/image\/","url":"","contentUrl":"","caption":"Apartm\u00e1ny Costa Plana"},"image":{"@id":"https:\/\/lipno.costaplana.cz\/#\/schema\/logo\/image\/"}}]}},"_links":{"self":[{"href":"https:\/\/lipno.costaplana.cz\/de\/wp-json\/wp\/v2\/pages\/3","targetHints":{"allow":["GET"]}}],"collection":[{"href":"https:\/\/lipno.costaplana.cz\/de\/wp-json\/wp\/v2\/pages"}],"about":[{"href":"https:\/\/lipno.costaplana.cz\/de\/wp-json\/wp\/v2\/types\/page"}],"author":[{"embeddable":true,"href":"https:\/\/lipno.costaplana.cz\/de\/wp-json\/wp\/v2\/users\/1"}],"replies":[{"embeddable":true,"href":"https:\/\/lipno.costaplana.cz\/de\/wp-json\/wp\/v2\/comments?post=3"}],"version-history":[{"count":8,"href":"https:\/\/lipno.costaplana.cz\/de\/wp-json\/wp\/v2\/pages\/3\/revisions"}],"predecessor-version":[{"id":864,"href":"https:\/\/lipno.costaplana.cz\/de\/wp-json\/wp\/v2\/pages\/3\/revisions\/864"}],"wp:attachment":[{"href":"https:\/\/lipno.costaplana.cz\/de\/wp-json\/wp\/v2\/media?parent=3"}],"curies":[{"name":"wp","href":"https:\/\/api.w.org\/{rel}","templated":true}]}}